{"id":4315,"date":"2023-02-07T14:21:53","date_gmt":"2023-02-07T14:21:53","guid":{"rendered":"https:\/\/doctormarcosales.com\/sobre-mi\/"},"modified":"2024-02-26T11:25:53","modified_gmt":"2024-02-26T11:25:53","slug":"dr-marco-sales","status":"publish","type":"page","link":"https:\/\/doctormarcosales.com\/fr\/dr-marco-sales\/","title":{"rendered":"DR. MARCO SALES"},"content":{"rendered":"<div class=\"wpb-content-wrapper\"><p>[vc_row full_width=\u00a0\u00bbstretch_row\u00a0\u00bb bg_type=\u00a0\u00bbimage\u00a0\u00bb parallax_style=\u00a0\u00bbvcpb-default\u00a0\u00bb bg_image_new=\u00a0\u00bbid^2179|url^https:\/\/doctormarcosales.com\/wp-content\/uploads\/2023\/02\/cabecera-sobremi-marcos-sales-scaled.jpg|caption^null|alt^null|title^cabecera-sobremi-marcos-sales|description^null\u00a0\u00bb el_id=\u00a0\u00bbnovedadesescritorio\u00a0\u00bb css=\u00a0\u00bb.vc_custom_1675856026591{margin-top: -80px !important;padding-top: 150px !important;padding-bottom: 250px !important;}\u00a0\u00bb][vc_column width=\u00a0\u00bb1\/2&Prime; css=\u00a0\u00bb.vc_custom_1644418124415{padding-top: 80px !important;}\u00a0\u00bb][\/vc_column][vc_column width=\u00a0\u00bb1\/2&Prime;]<div id=\"ultimate-heading-32669ef795db2a98\" class=\"uvc-heading ult-adjust-bottom-margin ultimate-heading-32669ef795db2a98 uvc-2166 accent-border-color\" data-hspacer=\"no_spacer\"  data-halign=\"left\" style=\"text-align:left\"><div class=\"uvc-heading-spacer no_spacer\" style=\"top\"><\/div><div class=\"uvc-main-heading ult-responsive\"  data-ultimate-target='.uvc-heading.ultimate-heading-32669ef795db2a98 h1'  data-responsive-json-new='{\"font-size\":\"desktop:38px;\",\"line-height\":\"desktop:48px;\"}' ><h1 style=\"--font-weight:theme;margin-bottom:35px;\">Dr. Marco Sales<\/h1><\/div><div class=\"uvc-sub-heading ult-responsive\"  data-ultimate-target='.uvc-heading.ultimate-heading-32669ef795db2a98 .uvc-sub-heading '  data-responsive-json-new='{\"font-size\":\"\",\"line-height\":\"\"}'  style=\"font-weight:normal;\">Ne faites confiance qu&rsquo;\u00e0 une personne ayant une exp\u00e9rience av\u00e9r\u00e9e lorsqu&rsquo;il s&rsquo;agit d&rsquo;op\u00e9rer vos yeux.<\/div><\/div>[vc_empty_space height=\u00a0\u00bb22px\u00a0\u00bb][vc_btn title=\u00a0\u00bbPRENDRE RENDEZ-VOUS\u00a0\u00bb style=\u00a0\u00bbcustom\u00a0\u00bb custom_background=\u00a0\u00bb#1f6181&Prime; custom_text=\u00a0\u00bb#ffffff\u00a0\u00bb link=\u00a0\u00bburl:%23pide-cita\u00a0\u00bb css=\u00a0\u00bb.vc_custom_1708517837804{border-radius: 20px !important;}\u00a0\u00bb el_id=\u00a0\u00bbbtnescritorio\u00a0\u00bb][\/vc_column][\/vc_row][vc_row full_width=\u00a0\u00bbstretch_row_content_no_spaces\u00a0\u00bb el_id=\u00a0\u00bbnovedadesmv\u00a0\u00bb css=\u00a0\u00bb.vc_custom_1644421504134{margin-top: -90px !important;}\u00a0\u00bb][vc_column][vc_single_image image=\u00a0\u00bb5467&Prime; img_size=\u00a0\u00bbfull\u00a0\u00bb alignment=\u00a0\u00bbcenter\u00a0\u00bb][\/vc_column][\/vc_row][vc_row css=\u00a0\u00bb.vc_custom_1675870171422{padding-top: 50px !important;padding-bottom: 20px !important;}\u00a0\u00bb][vc_column width=\u00a0\u00bb1\/6&Prime;][\/vc_column][vc_column width=\u00a0\u00bb2\/3&Prime;]<div id=\"ultimate-heading-778469ef795db2b93\" class=\"uvc-heading ult-adjust-bottom-margin ultimate-heading-778469ef795db2b93 uvc-1639 accent-border-color\" data-hspacer=\"no_spacer\"  data-halign=\"center\" style=\"text-align:center\"><div class=\"uvc-heading-spacer no_spacer\" style=\"top\"><\/div><div class=\"uvc-main-heading ult-responsive\"  data-ultimate-target='.uvc-heading.ultimate-heading-778469ef795db2b93 h2'  data-responsive-json-new='{\"font-size\":\"desktop:38px;\",\"line-height\":\"desktop:48px;\"}' ><h2 style=\"--font-weight:theme;margin-bottom:35px;\">SP\u00c9CIALISTE DE LA CHIRURGIE DES PAUPI\u00c8RES<\/h2><\/div><\/div>[vc_column_text]<\/p>\n<p style=\"text-align: center;\">Lorsque l&rsquo;on est passionn\u00e9 par quelque chose, il est facile d&rsquo;y consacrer une grande partie de sa vie et de la transmettre aux autres. Et c&rsquo;est par la passion que ma carri\u00e8re professionnelle a commenc\u00e9. Pas avec la mienne, mais plut\u00f4t celle de ma m\u00e8re. Sa passion et son d\u00e9vouement pour l&rsquo;oculoplastie m&rsquo;ont captiv\u00e9 d\u00e8s le d\u00e9but, et ce de mani\u00e8re inconsciente. Cela m&rsquo;a donn\u00e9 envie d&rsquo;\u00eatre comme elle et d&rsquo;aimer la chirurgie oculaire de la m\u00eame mani\u00e8re. Mais ce chemin est plein de d\u00e9fis difficiles \u00e0 surmonter pour atteindre l&rsquo;excellence qu&rsquo;elle a atteinte.<\/p>\n<p>[\/vc_column_text][vc_tta_accordion shape=\u00a0\u00bbsquare\u00a0\u00bb c_align=\u00a0\u00bbcenter\u00a0\u00bb c_position=\u00a0\u00bbright\u00a0\u00bb active_section=\u00a0\u00bb9&Prime; no_fill=\u00a0\u00bbtrue\u00a0\u00bb collapsible_all=\u00a0\u00bbtrue\u00a0\u00bb][vc_tta_section title=\u00a0\u00bbPlus d&rsquo;informations \u25bc\u00a0\u00bb tab_id=\u00a0\u00bb1676371994567-0ff7d599-a8a3&Prime;][vc_column_text]Une fois \u00e0 la facult\u00e9 de m\u00e9decine, en quatri\u00e8me ann\u00e9e, elle m&rsquo;a \u00ab\u00a0demand\u00e9\u00a0\u00bb de l&rsquo;aider au bloc op\u00e9ratoire. Une aide dont je sais aujourd&rsquo;hui que je n&rsquo;avais pas besoin, mais qui vous responsabilisait et vous obligeait \u00e0 \u00e9tudier et \u00e0 vous pr\u00e9parer \u00e0 \u00eatre efficace lors de toute chirurgie. Presque inconsciemment, au cours des quatre ann\u00e9es suivantes (trois de licence et une de pr\u00e9paration au MIR), j&rsquo;avais d\u00e9j\u00e0 appris la plupart des techniques chirurgicales de l&rsquo;oculoplastie, assimilant les man\u0153uvres chirurgicales difficiles comme quelque chose de naturel, comme la fa\u00e7on \u00ab\u00a0normale\u00a0\u00bb de faire les choses.<\/p>\n<p>Pour devenir ophtalmologue, il faut obtenir un bon score au concours MIR et, surtout, opter pour les meilleurs h\u00f4pitaux. Dans mon cas, je voulais pr\u00e9parer ma sp\u00e9cialit\u00e9 \u00e0 l&rsquo;h\u00f4pital Ram\u00f3n y Cajal, l&rsquo;h\u00f4pital le pris\u00e9, \u00e0 l&rsquo;\u00e9poque, vu que, g\u00e9n\u00e9ralement, il \u00e9tait choisi par les 100 premiers laur\u00e9ats. J&rsquo;ai obtenu la place et c&rsquo;est l\u00e0 que j&rsquo;ai termin\u00e9 ma formation d&rsquo;ophtalmologue.<\/p>\n<p>Au cours de ces quatre ann\u00e9es, j&rsquo;ai eu la chance de me former aupr\u00e8s d&rsquo;ophtalmologues de renomm\u00e9e dans chacune des sous-sp\u00e9cialit\u00e9s (r\u00e9tine, strabisme, glaucome, etc.). En plus de continuer \u00e0 op\u00e9rer avec ma m\u00e8re tout au long de mon r\u00e9sidanat. J&rsquo;ai fr\u00e9quent\u00e9 les blocs op\u00e9ratoires de chirurgie maxillo-faciale, j&rsquo;ai eu l&rsquo;occasion d&rsquo;apprendre au Br\u00e9sil et en France avec les meilleurs ophtalmologues oculoplastiques, et j&rsquo;ai effectu\u00e9 une rotation de 6 mois en chirurgie cranio-faciale \u00e0 Paris. Tout cela m&rsquo;a permis d&rsquo;acqu\u00e9rir une formation tr\u00e8s compl\u00e8te, puisque j&rsquo;ai m\u00eame pratiqu\u00e9, au cours de ma sp\u00e9cialisation, des techniques r\u00e9serv\u00e9es \u00e0 des sp\u00e9cialistes prestigieux ayant une longue carri\u00e8re professionnelle.<\/p>\n<p>En tant que sp\u00e9cialiste associ\u00e9, j&rsquo;ai pu rester et travailler dans l&rsquo;unit\u00e9 d&rsquo;orbite et d&rsquo;oculoplastie de l&rsquo;h\u00f4pital Ram\u00f3n y Cajal. J&rsquo;ai pu y prendre en charge des cas complexes de pathologie orbitaire, car il s&rsquo;agit d&rsquo;un centre national de r\u00e9f\u00e9rence (CSUR) pour les tumeurs orbitaires et l&rsquo;orbitopathie thyro\u00efdienne. Parmi les pathologies que le minist\u00e8re de la sant\u00e9 consid\u00e8re comme devant \u00eatre trait\u00e9es dans des centres de r\u00e9f\u00e9rence, deux concernent l&rsquo;oculoplastique : les tumeurs et l&rsquo;orbitopathie thyro\u00efdienne, \u00e9tant, avec l&rsquo;h\u00f4pital Bellvitge, les deux seuls centres de r\u00e9f\u00e9rence nationaux \u00e0 traiter ces maladies.<\/p>\n<p>Depuis la fin de mon r\u00e9sidanat, j&rsquo;ai exerc\u00e9 \u00e9galement dans le priv\u00e9. En plus de pratiquer les m\u00eames techniques de reconstruction et de r\u00e9\u00e9ducation qu&rsquo;\u00e0 l&rsquo;h\u00f4pital, je me suis concentr\u00e9 sur la chirurgie esth\u00e9tique p\u00e9rioculaire, principalement les bl\u00e9pharoplasties. La grande sp\u00e9cialisation dans la r\u00e9gion anatomique p\u00e9rioculaire m&rsquo;a permis de d\u00e9velopper avec pr\u00e9cision les techniques de chirurgie esth\u00e9tique et de rajeunissement de cette zone, en optimisant les r\u00e9sultats et en minimisant les complications.<\/p>\n<p>Et c&rsquo;est ainsi que le cycle se referme. La passion que ma m\u00e8re a r\u00e9ussi \u00e0 me transmettre dans son travail est devenue la mienne, et j&rsquo;essaie de la transmettre en faisant de mon mieux et en donnant le meilleur de moi-m\u00eame \u00e0 chacun de mes patients.[\/vc_column_text][\/vc_tta_section][\/vc_tta_accordion][vc_empty_space][\/vc_column][vc_column width=\u00a0\u00bb1\/6&Prime;][\/vc_column][\/vc_row][vc_row equal_height=\u00a0\u00bbyes\u00a0\u00bb bg_type=\u00a0\u00bbbg_color\u00a0\u00bb bg_override=\u00a0\u00bbex-full\u00a0\u00bb margin_top=\u00a0\u00bb55&Prime; margin_bottom=\u00a0\u00bb5&Prime; type=\u00a0\u00bbvc_default\u00a0\u00bb css=\u00a0\u00bb.vc_custom_1675780123966{padding-top: 40px !important;padding-bottom: 5px !important;}\u00a0\u00bb bg_color_value=\u00a0\u00bb#1f6181&Prime;][vc_column width=\u00a0\u00bb1\/4&Prime; css=\u00a0\u00bb.vc_custom_1476863739667{padding-bottom: 60px !important;}\u00a0\u00bb]<div id=\"ultimate-heading-630869ef795db2c05\" class=\"uvc-heading ult-adjust-bottom-margin ultimate-heading-630869ef795db2c05 uvc-1139 \" data-hspacer=\"no_spacer\"  data-halign=\"left\" style=\"text-align:left\"><div class=\"uvc-heading-spacer no_spacer\" style=\"top\"><\/div><div class=\"uvc-main-heading ult-responsive\"  data-ultimate-target='.uvc-heading.ultimate-heading-630869ef795db2c05 h2'  data-responsive-json-new='{\"font-size\":\"desktop:100px;\",\"line-height\":\"desktop:110px;\"}' ><h2 style=\"font-weight:bold;color:rgba(255,255,255,0.19);margin-bottom:15px;\">1.<\/h2><\/div><\/div><div id=\"ultimate-heading-156269ef795db2c89\" class=\"uvc-heading ult-adjust-bottom-margin ultimate-heading-156269ef795db2c89 uvc-6015 accent-border-color\" data-hspacer=\"no_spacer\"  data-halign=\"left\" style=\"text-align:left\"><div class=\"uvc-heading-spacer no_spacer\" style=\"top\"><\/div><div class=\"uvc-main-heading ult-responsive\"  data-ultimate-target='.uvc-heading.ultimate-heading-156269ef795db2c89 p'  data-responsive-json-new='{\"font-size\":\"desktop:30px;\",\"line-height\":\"\"}' ><p style=\"--font-weight:theme;color:#ffffff;margin-bottom:15px;\">CARRI\u00c8RE<\/p><\/div><div class=\"uvc-sub-heading ult-responsive\"  data-ultimate-target='.uvc-heading.ultimate-heading-156269ef795db2c89 .uvc-sub-heading '  data-responsive-json-new='{\"font-size\":\"\",\"line-height\":\"desktop:26px;\"}'  style=\"font-weight:normal;color:#ffffff;\">Le docteur Sales a effectu\u00e9 un stage en chirurgie orbito-cr\u00e2nio-faciale \u00e0 l&rsquo;h\u00f4pital Foch \u00e0 Paris, ainsi que des s\u00e9jours \u00e0 l&rsquo;h\u00f4pital Sao Geraldo \u00e0 Belo Horizonte (Br\u00e9sil), au centre m\u00e9dical d&rsquo;Amsterdam (Pays-Bas) et au centre m\u00e9dical Samsung (Cor\u00e9e du Sud).<\/div><\/div>[\/vc_column][vc_column width=\u00a0\u00bb1\/4&Prime; css=\u00a0\u00bb.vc_custom_1476739985087{padding-bottom: 70px !important;}\u00a0\u00bb]<div id=\"ultimate-heading-623869ef795db2d15\" class=\"uvc-heading ult-adjust-bottom-margin ultimate-heading-623869ef795db2d15 uvc-3869 \" data-hspacer=\"no_spacer\"  data-halign=\"left\" style=\"text-align:left\"><div class=\"uvc-heading-spacer no_spacer\" style=\"top\"><\/div><div class=\"uvc-main-heading ult-responsive\"  data-ultimate-target='.uvc-heading.ultimate-heading-623869ef795db2d15 h2'  data-responsive-json-new='{\"font-size\":\"desktop:100px;\",\"line-height\":\"desktop:110px;\"}' ><h2 style=\"font-weight:bold;color:rgba(255,255,255,0.19);margin-bottom:15px;\">2.<\/h2><\/div><\/div><div id=\"ultimate-heading-51269ef795db2da8\" class=\"uvc-heading ult-adjust-bottom-margin ultimate-heading-51269ef795db2da8 uvc-8324 accent-border-color\" data-hspacer=\"no_spacer\"  data-halign=\"left\" style=\"text-align:left\"><div class=\"uvc-heading-spacer no_spacer\" style=\"top\"><\/div><div class=\"uvc-main-heading ult-responsive\"  data-ultimate-target='.uvc-heading.ultimate-heading-51269ef795db2da8 p'  data-responsive-json-new='{\"font-size\":\"desktop:30px;\",\"line-height\":\"\"}' ><p style=\"--font-weight:theme;color:#ffffff;margin-bottom:15px;\">VISION<\/p><\/div><div class=\"uvc-sub-heading ult-responsive\"  data-ultimate-target='.uvc-heading.ultimate-heading-51269ef795db2da8 .uvc-sub-heading '  data-responsive-json-new='{\"font-size\":\"\",\"line-height\":\"desktop:26px;\"}'  style=\"font-weight:normal;color:#ffffff;\">Le chirurgien oculoplastique est un ophtalmologue ayant re\u00e7u une formation sp\u00e9cifique et qui se consacre exclusivement aux paupi\u00e8res et \u00e0 l&rsquo;orbite. L&rsquo;oculoplastie \u00e9tant un domaine complexe, elle n\u00e9cessite une formation tr\u00e8s large et vari\u00e9e.<\/div><\/div>[\/vc_column][vc_column width=\u00a0\u00bb1\/4&Prime; css=\u00a0\u00bb.vc_custom_1476739993081{padding-bottom: 70px !important;}\u00a0\u00bb]<div id=\"ultimate-heading-369769ef795db2e32\" class=\"uvc-heading ult-adjust-bottom-margin ultimate-heading-369769ef795db2e32 uvc-1028 \" data-hspacer=\"no_spacer\"  data-halign=\"left\" style=\"text-align:left\"><div class=\"uvc-heading-spacer no_spacer\" style=\"top\"><\/div><div class=\"uvc-main-heading ult-responsive\"  data-ultimate-target='.uvc-heading.ultimate-heading-369769ef795db2e32 h2'  data-responsive-json-new='{\"font-size\":\"desktop:100px;\",\"line-height\":\"desktop:110px;\"}' ><h2 style=\"font-weight:bold;color:rgba(255,255,255,0.19);margin-bottom:15px;\">3.<\/h2><\/div><\/div><div id=\"ultimate-heading-488369ef795db2ebe\" class=\"uvc-heading ult-adjust-bottom-margin ultimate-heading-488369ef795db2ebe uvc-1540 accent-border-color\" data-hspacer=\"no_spacer\"  data-halign=\"left\" style=\"text-align:left\"><div class=\"uvc-heading-spacer no_spacer\" style=\"top\"><\/div><div class=\"uvc-main-heading ult-responsive\"  data-ultimate-target='.uvc-heading.ultimate-heading-488369ef795db2ebe p'  data-responsive-json-new='{\"font-size\":\"desktop:30px;\",\"line-height\":\"\"}' ><p style=\"--font-weight:theme;color:#ffffff;margin-bottom:15px;\">OCULOPLASTIE<\/p><\/div><div class=\"uvc-sub-heading ult-responsive\"  data-ultimate-target='.uvc-heading.ultimate-heading-488369ef795db2ebe .uvc-sub-heading '  data-responsive-json-new='{\"font-size\":\"\",\"line-height\":\"desktop:26px;\"}'  style=\"font-weight:normal;color:#ffffff;\">L&rsquo;oculoplastie ou chirurgie plastique oculaire est l&rsquo;unit\u00e9 sp\u00e9cialis\u00e9e en ophtalmologie dans le traitement des pathologies oculaires li\u00e9es \u00e0 la zone p\u00e9rioculaire du visage: paupi\u00e8res, orbite et canaux lacrymaux.<\/div><\/div>[\/vc_column][vc_column width=\u00a0\u00bb1\/4&Prime; css=\u00a0\u00bb.vc_custom_1476739999837{padding-bottom: 70px !important;}\u00a0\u00bb]<div id=\"ultimate-heading-710669ef795db2f4b\" class=\"uvc-heading ult-adjust-bottom-margin ultimate-heading-710669ef795db2f4b uvc-5731 \" data-hspacer=\"no_spacer\"  data-halign=\"left\" style=\"text-align:left\"><div class=\"uvc-heading-spacer no_spacer\" style=\"top\"><\/div><div class=\"uvc-main-heading ult-responsive\"  data-ultimate-target='.uvc-heading.ultimate-heading-710669ef795db2f4b h2'  data-responsive-json-new='{\"font-size\":\"desktop:100px;\",\"line-height\":\"desktop:110px;\"}' ><h2 style=\"font-weight:bold;color:rgba(255,255,255,0.19);margin-bottom:15px;\">4.<\/h2><\/div><\/div><div id=\"ultimate-heading-402869ef795db2fde\" class=\"uvc-heading ult-adjust-bottom-margin ultimate-heading-402869ef795db2fde uvc-1227 accent-border-color\" data-hspacer=\"no_spacer\"  data-halign=\"left\" style=\"text-align:left\"><div class=\"uvc-heading-spacer no_spacer\" style=\"top\"><\/div><div class=\"uvc-main-heading ult-responsive\"  data-ultimate-target='.uvc-heading.ultimate-heading-402869ef795db2fde p'  data-responsive-json-new='{\"font-size\":\"desktop:30px;\",\"line-height\":\"\"}' ><p style=\"--font-weight:theme;color:#ffffff;margin-bottom:15px;\">COOP\u00c9RATION<\/p><\/div><div class=\"uvc-sub-heading ult-responsive\"  data-ultimate-target='.uvc-heading.ultimate-heading-402869ef795db2fde .uvc-sub-heading '  data-responsive-json-new='{\"font-size\":\"\",\"line-height\":\"desktop:26px;\"}'  style=\"font-weight:normal;color:#ffffff;\">Marco Sales a eu l&rsquo;occasion de participer \u00e0 plusieurs campagnes dans des r\u00e9gions d\u00e9favoris\u00e9es d&rsquo;Afrique, notamment \u00e0 Dapaong au Togo et \u00e0 Turkana au Kenya.<\/div><\/div>[\/vc_column][\/vc_row][vc_row full_width=\u00a0\u00bbstretch_row\u00a0\u00bb equal_height=\u00a0\u00bbyes\u00a0\u00bb css=\u00a0\u00bb.vc_custom_1675852665210{padding-top: 40px !important;}\u00a0\u00bb][vc_column offset=\u00a0\u00bbvc_col-lg-6 vc_col-md-6&Prime;]<div id=\"ultimate-heading-929769ef795db3066\" class=\"uvc-heading ult-adjust-bottom-margin ultimate-heading-929769ef795db3066 uvc-9856 accent-border-color\" data-hspacer=\"no_spacer\"  data-halign=\"center\" style=\"text-align:center\"><div class=\"uvc-heading-spacer no_spacer\" style=\"top\"><\/div><div class=\"uvc-main-heading ult-responsive\"  data-ultimate-target='.uvc-heading.ultimate-heading-929769ef795db3066 h2'  data-responsive-json-new='{\"font-size\":\"desktop:38px;\",\"line-height\":\"desktop:48px;\"}' ><h2 style=\"--font-weight:theme;margin-bottom:35px;\">VISION OCULOPLASTIQUE<\/h2><\/div><\/div>[vc_column_text]La chirurgie oculoplastique est la sous-sp\u00e9cialit\u00e9 de l&rsquo;ophtalmologie qui s&rsquo;occupe de l&rsquo;\u00e9tude et du traitement des affections des paupi\u00e8res, de l&rsquo;orbite et du canal lacrymal.[\/vc_column_text][vc_tta_accordion shape=\u00a0\u00bbsquare\u00a0\u00bb c_position=\u00a0\u00bbright\u00a0\u00bb active_section=\u00a0\u00bb\u00a0\u00bb no_fill=\u00a0\u00bbtrue\u00a0\u00bb collapsible_all=\u00a0\u00bbtrue\u00a0\u00bb][vc_tta_section title=\u00a0\u00bbQui est le chirurgien oculoplastique?\u00a0\u00bb tab_id=\u00a0\u00bb1668689690300-f3ba20b3-d409&Prime;][vc_column_text]Le <strong>chirurgien oculoplastique<\/strong> est un ophtalmologue ayant re\u00e7u une formation sp\u00e9cifique et se consacre exclusivement aux paupi\u00e8res et \u00e0 l&rsquo;orbite. L&rsquo;oculoplastie \u00e9tant un domaine complexe, elle n\u00e9cessite une formation tr\u00e8s large et vari\u00e9e. Tout d&rsquo;abord, une bonne formation en ophtalmologie est essentielle, car l&rsquo;objectif premier doit toujours \u00eatre, avant tout, de prot\u00e9ger l&rsquo;\u0153il gr\u00e2ce \u00e0 un fonctionnement correct des paupi\u00e8res. Elle n\u00e9cessite \u00e9galement des connaissances en chirurgie plastique, qui permettent d&rsquo;\u00e9valuer harmonieusement la relation des paupi\u00e8res avec le reste des structures adjacentes du visage ; des connaissances en chirurgie maxillo-faciale, pour la gestion correcte des os de l&rsquo;orbite ; des connaissances en dermatologie, pour \u00e9valuer et traiter correctement les tumeurs et les l\u00e9sions cutan\u00e9es des paupi\u00e8res ; et, enfin, des connaissances en oto-rhino-laryngologie, en raison de l&#8217;emplacement strat\u00e9gique de l&rsquo;orbite, entour\u00e9e par les sinus paranasaux. Pour toutes ces raisons, une formation sp\u00e9cifique, compl\u00e8te et prolong\u00e9e ainsi qu&rsquo;un d\u00e9vouement exclusif sont essentiels, car ce n&rsquo;est qu&rsquo;ainsi que nous pouvons offrir des soins de la plus haute qualit\u00e9 \u00e0 nos patients.[\/vc_column_text][\/vc_tta_section][vc_tta_section title=\u00a0\u00bbChirurgie reconstructive\u00a0\u00bb tab_id=\u00a0\u00bb1675851460013-511a3805-d8bf\u00a0\u00bb][vc_column_text]La <strong>chirurgie reconstructive<\/strong> est une chirurgie qui r\u00e9tablit les parties endommag\u00e9es ou perdues \u00e0 la suite d&rsquo;un traumatisme ou d&rsquo;une tumeur. Par exemple, pour traiter la plupart des tumeurs cutan\u00e9es de la paupi\u00e8re, il est n\u00e9cessaire d&rsquo;enlever le fragment de paupi\u00e8re contenant la tumeur ; parfois, si la tumeur est tr\u00e8s \u00e9tendue, la paupi\u00e8re enti\u00e8re doit \u00eatre sacrifi\u00e9e. \u00c9tant donn\u00e9 que la fonction premi\u00e8re des paupi\u00e8res est de prot\u00e9ger l&rsquo;\u0153il, l&rsquo;absence de la paupi\u00e8re, ou son mauvais fonctionnement apr\u00e8s une r\u00e9paration incorrecte, peut endommager l&rsquo;\u0153il en peu de temps, parfois m\u00eame en quelques heures. Dans ces cas, la chirurgie oculoplastique reconstruit la paupi\u00e8re en essayant de cr\u00e9er une nouvelle structure qui remplit parfaitement sa fonction protectrice et qui, en m\u00eame temps, ressemble le plus possible \u00e0 une paupi\u00e8re normale afin d&rsquo;obtenir un r\u00e9sultat fonctionnel et esth\u00e9tique optimal.[\/vc_column_text][\/vc_tta_section][vc_tta_section title=\u00a0\u00bbChirurgie de r\u00e9adaptation\u00a0\u00bb tab_id=\u00a0\u00bb1675851474377-2d65c315-c08f\u00a0\u00bb][vc_column_text]La <strong>chirurgie de r\u00e9habilitation<\/strong> est une chirurgie qui r\u00e9tablit l&rsquo;apparence et la fonction normales des paupi\u00e8res, qui ont \u00e9t\u00e9 alt\u00e9r\u00e9es par diverses maladies. Par exemple, les paupi\u00e8res peuvent perdre leur morphologie habituelle et devenir \u00ab\u00a0\u00e9vers\u00e9es\u00a0\u00bb ou \u00ab\u00a0invers\u00e9es\u00a0\u00bb, de sorte qu&rsquo;elles n&rsquo;\u00e9tablissent plus un contact correct avec l&rsquo;\u0153il et qu&rsquo;elles permettent, voire provoquent, une irritation constante. La chirurgie oculoplastique vise \u00e0 remettre les paupi\u00e8res dans leur position normale, de sorte que l&rsquo;\u0153il ne soit pas endommag\u00e9 et que les paupi\u00e8res retrouvent leur aspect normal.[\/vc_column_text][\/vc_tta_section][vc_tta_section title=\u00a0\u00bbChirurgie esth\u00e9tique\u00a0\u00bb tab_id=\u00a0\u00bb1675851485529-345aa67f-d643&Prime;][vc_column_text]Enfin, la <strong>chirurgie esth\u00e9tique<\/strong> se charge d&rsquo;appliquer les techniques utilis\u00e9es dans les points pr\u00e9c\u00e9dents dans le but d&rsquo;essayer de rajeunir l&rsquo;apparence des yeux.[\/vc_column_text][\/vc_tta_section][\/vc_tta_accordion][\/vc_column][vc_column offset=\u00a0\u00bbvc_col-lg-6 vc_col-md-6&Prime; css=\u00a0\u00bb.vc_custom_1634645121029{padding-bottom: 60px !important;}\u00a0\u00bb][vc_single_image image=\u00a0\u00bb2174&Prime; img_size=\u00a0\u00bbfull\u00a0\u00bb alignment=\u00a0\u00bbcenter\u00a0\u00bb][\/vc_column][\/vc_row][vc_row full_width=\u00a0\u00bbstretch_row\u00a0\u00bb equal_height=\u00a0\u00bbyes\u00a0\u00bb css=\u00a0\u00bb.vc_custom_1677598767135{padding-top: 40px !important;padding-bottom: 40px !important;background-color: #042541 !important;}\u00a0\u00bb][vc_column]<div id=\"ultimate-heading-292469ef795db3119\" class=\"uvc-heading ult-adjust-bottom-margin ultimate-heading-292469ef795db3119 uvc-4058 accent-border-color\" data-hspacer=\"no_spacer\"  data-halign=\"center\" style=\"text-align:center\"><div class=\"uvc-heading-spacer no_spacer\" style=\"top\"><\/div><div class=\"uvc-main-heading ult-responsive\"  data-ultimate-target='.uvc-heading.ultimate-heading-292469ef795db3119 h2'  data-responsive-json-new='{\"font-size\":\"desktop:38px;\",\"line-height\":\"desktop:48px;\"}' ><h2 style=\"--font-weight:theme;color:#ffffff;margin-bottom:35px;\">LA COOP\u00c9RATION INTERNATIONALE<\/h2><\/div><\/div>[\/vc_column][vc_column offset=\u00a0\u00bbvc_col-lg-6 vc_col-md-6&Prime;][vc_column_text]<span style=\"color: #ffffff;\">Au cours de ma carri\u00e8re professionnelle, j&rsquo;ai eu l&rsquo;occasion de collaborer dans plusieurs campagnes dans des r\u00e9gions d\u00e9favoris\u00e9es d&rsquo;Afrique, notamment \u00e0 Dapaong au Togo et \u00e0 Turkana au Kenya.<\/span><\/p>\n<p><span style=\"color: #ffffff;\">L&rsquo;une des principales causes de c\u00e9cit\u00e9 dans les pays du tiers monde est le trachome, une infection chronique de la conjonctive qui, en gu\u00e9rissant, \u00e9paissit les paupi\u00e8res et les recourbe vers l&rsquo;\u0153il, produisant un frottement continu des cils sur la surface oculaire et, avec lui, des cicatrices opaques sur la corn\u00e9e qui peuvent conduire \u00e0 la c\u00e9cit\u00e9. Le travail effectu\u00e9 dans ce domaine par le Turkana Eye Project (ojoturkana.org), avec lequel j&rsquo;ai eu l&rsquo;occasion et l&rsquo;honneur de collaborer, a \u00e9t\u00e9 et reste extr\u00eamement important, car des m\u00e9dicaments (Azithromycine) ont \u00e9t\u00e9 largement distribu\u00e9s, dans le but d&rsquo;essayer d&rsquo;\u00e9radiquer le trachome de la r\u00e9gion, en d\u00e9passant les 85% de couverture de la population.<\/span><\/p>\n<p><span style=\"color: #ffffff;\">Les cas atteints (avec atteinte palp\u00e9brale et cils mal align\u00e9s) mais qui n&rsquo;ont pas encore de cicatrices corn\u00e9ennes les emp\u00eachant de voir, subissent une chirurgie des paupi\u00e8res pour corriger la malposition et \u00e9viter qu&rsquo;ils ne continuent \u00e0 frotter et ne provoquent la c\u00e9cit\u00e9.<\/span>[\/vc_column_text][\/vc_column][vc_column offset=\u00a0\u00bbvc_col-lg-6 vc_col-md-6&Prime; css=\u00a0\u00bb.vc_custom_1634645121029{padding-bottom: 60px !important;}\u00a0\u00bb][vc_single_image image=\u00a0\u00bb2835&Prime; img_size=\u00a0\u00bbfull\u00a0\u00bb alignment=\u00a0\u00bbcenter\u00a0\u00bb][\/vc_column][\/vc_row][vc_row full_width=\u00a0\u00bbstretch_row\u00a0\u00bb gap=\u00a0\u00bb35&Prime; css=\u00a0\u00bb.vc_custom_1677598819222{margin-bottom: -80px !important;padding-top: 40px !important;padding-bottom: 40px !important;background-color: #ebe7e4 !important;}\u00a0\u00bb][vc_column]<div id=\"ultimate-heading-594869ef795db31a4\" class=\"uvc-heading ult-adjust-bottom-margin ultimate-heading-594869ef795db31a4 uvc-6898 accent-border-color\" data-hspacer=\"no_spacer\"  data-halign=\"center\" style=\"text-align:center\"><div class=\"uvc-heading-spacer no_spacer\" style=\"top\"><\/div><div class=\"uvc-main-heading ult-responsive\"  data-ultimate-target='.uvc-heading.ultimate-heading-594869ef795db31a4 h2'  data-responsive-json-new='{\"font-size\":\"desktop:38px;\",\"line-height\":\"desktop:48px;\"}' ><h2 style=\"--font-weight:theme;margin-bottom:10px;\">CONTACTEZ-NOUS<\/h2><\/div><\/div>[\/vc_column][vc_column width=\u00a0\u00bb1\/2&Prime;][vc_column_text]<iframe loading=\"lazy\" style=\"border: 0;\" src=\"https:\/\/www.google.com\/maps\/embed?pb=!1m18!1m12!1m3!1d3034.5391623156524!2d-3.7207495840544698!3d40.4854590793572!2m3!1f0!2f0!3f0!3m2!1i1024!2i768!4f13.1!3m3!1m2!1s0xd42298ddaac29b9%3A0xfca42f46f41ac8c9!2sC.%20del%20Valle%20de%20Pinares%20Llanos%2C%203%2C%2028035%20Madrid!5e0!3m2!1ses!2ses!4v1675767263645!5m2!1ses!2ses\" width=\"600\" height=\"450\" allowfullscreen=\"allowfullscreen\"><\/iframe>[\/vc_column_text][vc_column_text]<strong>IMO Grupo Miranza Madrid<\/strong><\/p>\n<p>C\/ del Valle Pinares Llanos, 3, 28305 Madrid<\/p>\n<p>910 783 783[\/vc_column_text][\/vc_column][vc_column width=\u00a0\u00bb1\/2&Prime; css=\u00a0\u00bb.vc_custom_1677601600734{padding-right: 50px !important;padding-left: 50px !important;}\u00a0\u00bb el_id=\u00a0\u00bbpide-cita\u00a0\u00bb]\n<div class=\"wpcf7 no-js\" id=\"wpcf7-f5297-o1\" lang=\"es-ES\" dir=\"ltr\" data-wpcf7-id=\"5297\">\n<div class=\"screen-reader-response\"><p role=\"status\" aria-live=\"polite\" aria-atomic=\"true\"><\/p> <ul><\/ul><\/div>\n<form action=\"\/fr\/wp-json\/wp\/v2\/pages\/4315#wpcf7-f5297-o1\" method=\"post\" class=\"wpcf7-form init\" aria-label=\"Formulario de contacto\" novalidate=\"novalidate\" data-status=\"init\">\n<fieldset class=\"hidden-fields-container\"><input type=\"hidden\" name=\"_wpcf7\" value=\"5297\" \/><input type=\"hidden\" name=\"_wpcf7_version\" value=\"6.1.5\" \/><input type=\"hidden\" name=\"_wpcf7_locale\" value=\"es_ES\" \/><input type=\"hidden\" name=\"_wpcf7_unit_tag\" value=\"wpcf7-f5297-o1\" \/><input type=\"hidden\" name=\"_wpcf7_container_post\" value=\"0\" \/><input type=\"hidden\" name=\"_wpcf7_posted_data_hash\" value=\"\" \/>\n<\/fieldset>\n<h2 style=\"text-align: center;\", font-weight: bold;>PRENDRE RENDEZ-VOUS\n<\/h2>\n<p><span class=\"wpcf7-form-control-wrap\" data-name=\"your-name\"><input size=\"40\" maxlength=\"400\" class=\"wpcf7-form-control wpcf7-text wpcf7-validates-as-required\" aria-required=\"true\" aria-invalid=\"false\" placeholder=\"Pr\u00e9nom et nom*\" value=\"\" type=\"text\" name=\"your-name\" \/><\/span><br \/>\n<span class=\"wpcf7-form-control-wrap\" data-name=\"your-email\"><input size=\"40\" maxlength=\"400\" class=\"wpcf7-form-control wpcf7-email wpcf7-validates-as-required wpcf7-text wpcf7-validates-as-email\" aria-required=\"true\" aria-invalid=\"false\" placeholder=\"E-mail*\" value=\"\" type=\"email\" name=\"your-email\" \/><\/span><br \/>\n<span class=\"wpcf7-form-control-wrap\" data-name=\"your-subject\"><input size=\"40\" maxlength=\"400\" class=\"wpcf7-form-control wpcf7-text wpcf7-validates-as-required\" aria-required=\"true\" aria-invalid=\"false\" placeholder=\"T\u00e9l\u00e9phone*\" value=\"\" type=\"text\" name=\"your-subject\" \/><\/span><br \/>\n<span class=\"wpcf7-form-control-wrap\" data-name=\"your-message\"><textarea cols=\"40\" rows=\"3\" maxlength=\"2000\" class=\"wpcf7-form-control wpcf7-textarea wpcf7-validates-as-required\" aria-required=\"true\" aria-invalid=\"false\" placeholder=\"Raison du rendez-vous\" name=\"your-message\"><\/textarea><\/span>\n<\/p>\n<p><span class=\"wpcf7-form-control-wrap\" data-name=\"acceptance-19\"><span class=\"wpcf7-form-control wpcf7-acceptance\"><span class=\"wpcf7-list-item\"><label><input type=\"checkbox\" name=\"acceptance-19\" value=\"1\" aria-invalid=\"false\" \/><span class=\"wpcf7-list-item-label\">Je consens le traitement de mes donn\u00e9es par le Dr. Marco Sales dans le but de g\u00e9rer ma\ndemande de rendez-vous. <br>Plus d'informations dans notre  <a href=\"\/politica-de-privacidad\/\" target=\"_blank\" text-style: bold\">politique de confidentialit\u00e9<\/a><\/span><\/label><\/span><\/span><\/span>\n<\/p>\n<p><span class=\"wpcf7-form-control-wrap\" data-name=\"checkbox-453\"><span class=\"wpcf7-form-control wpcf7-checkbox\"><span class=\"wpcf7-list-item first last\"><input type=\"checkbox\" name=\"checkbox-453[]\" value=\"Je souhaite recevoir des informations sur les nouveaut\u00e9s et les promotions de Dr. Marco\nSales.\" \/><span class=\"wpcf7-list-item-label\">Je souhaite recevoir des informations sur les nouveaut\u00e9s et les promotions de Dr. Marco\nSales.<\/span><\/span><\/span><\/span>\n<\/p>\n<div align=\"center\">\n\t<p><input class=\"wpcf7-form-control wpcf7-submit has-spinner\" type=\"submit\" value=\"DEMANDER PLUS D&#039;INFORMATIONS\" \/>\n\t<\/p>\n<\/div>\n<p><script>\ndocument.addEventListener( 'wpcf7mailsent', function( event ) {\n location = '\/gracias-por-el-mensaje\/';\n}, false );\n<\/script>\n<\/p><p style=\"display: none !important;\" class=\"akismet-fields-container\" data-prefix=\"_wpcf7_ak_\"><label>&#916;<textarea name=\"_wpcf7_ak_hp_textarea\" cols=\"45\" rows=\"8\" maxlength=\"100\"><\/textarea><\/label><input type=\"hidden\" id=\"ak_js_1\" name=\"_wpcf7_ak_js\" value=\"45\"\/><script>\ndocument.getElementById( \"ak_js_1\" ).setAttribute( \"value\", ( new Date() ).getTime() );\n<\/script>\n<\/p><div class=\"wpcf7-response-output\" aria-hidden=\"true\"><\/div>\n<\/form>\n<\/div>\n[\/vc_column][\/vc_row]<\/p>\n<\/div>","protected":false},"excerpt":{"rendered":"<p>[vc_row full_width=\u00a0\u00bbstretch_row\u00a0\u00bb bg_type=\u00a0\u00bbimage\u00a0\u00bb parallax_style=\u00a0\u00bbvcpb-default\u00a0\u00bb bg_image_new=\u00a0\u00bbid^2179|url^https:\/\/doctormarcosales.com\/wp-content\/uploads\/2023\/02\/cabecera-sobremi-marcos-sales-scaled.jpg|caption^null|alt^null|title^cabecera-sobremi-marcos-sales|description^null\u00a0\u00bb el_id=\u00a0\u00bbnovedadesescritorio\u00a0\u00bb css=\u00a0\u00bb.vc_custom_1675856026591{margin-top: -80px !important;padding-top: 150px !important;padding-bottom: 250px !important;}\u00a0\u00bb][vc_column width=\u00a0\u00bb1\/2&Prime; css=\u00a0\u00bb.vc_custom_1644418124415{padding-top: 80px !important;}\u00a0\u00bb][\/vc_column][vc_column width=\u00a0\u00bb1\/2&Prime;][vc_empty_space height=\u00a0\u00bb22px\u00a0\u00bb][vc_btn title=\u00a0\u00bbPRENDRE RENDEZ-VOUS\u00a0\u00bb style=\u00a0\u00bbcustom\u00a0\u00bb custom_background=\u00a0\u00bb#1f6181&Prime; custom_text=\u00a0\u00bb#ffffff\u00a0\u00bb link=\u00a0\u00bburl:%23pide-cita\u00a0\u00bb css=\u00a0\u00bb.vc_custom_1708517837804{border-radius: 20px !important;}\u00a0\u00bb el_id=\u00a0\u00bbbtnescritorio\u00a0\u00bb][\/vc_column][\/vc_row][vc_row full_width=\u00a0\u00bbstretch_row_content_no_spaces\u00a0\u00bb el_id=\u00a0\u00bbnovedadesmv\u00a0\u00bb css=\u00a0\u00bb.vc_custom_1644421504134{margin-top: -90px !important;}\u00a0\u00bb][vc_column][vc_single_image image=\u00a0\u00bb5467&Prime; img_size=\u00a0\u00bbfull\u00a0\u00bb alignment=\u00a0\u00bbcenter\u00a0\u00bb][\/vc_column][\/vc_row][vc_row css=\u00a0\u00bb.vc_custom_1675870171422{padding-top: 50px !important;padding-bottom: 20px !important;}\u00a0\u00bb][vc_column width=\u00a0\u00bb1\/6&Prime;][\/vc_column][vc_column width=\u00a0\u00bb2\/3&Prime;][vc_column_text] Lorsque l&rsquo;on est passionn\u00e9 par quelque chose, il est facile d&rsquo;y&hellip;<\/p>\n","protected":false},"author":1,"featured_media":0,"parent":0,"menu_order":0,"comment_status":"closed","ping_status":"closed","template":"","meta":{"footnotes":""},"class_list":["post-4315","page","type-page","status-publish","hentry","description-off"],"yoast_head":"<!-- This site is optimized with the Yoast SEO plugin v26.9 - https:\/\/yoast.com\/product\/yoast-seo-wordpress\/ -->\n<title>DR. MARCO SALES - Dr. Marco Sales<\/title>\n<meta name=\"description\" content=\"Oftalm\u00f3logo oculopl\u00e1stico dedicado al estudio y tratamiento de las afecciones de los p\u00e1rpados, \u00f3rbita y v\u00eda lagrimal.\" \/>\n<meta name=\"robots\" content=\"index, follow, max-snippet:-1, max-image-preview:large, max-video-preview:-1\" \/>\n<link rel=\"canonical\" href=\"https:\/\/doctormarcosales.com\/fr\/dr-marco-sales\/\" \/>\n<meta property=\"og:locale\" content=\"fr_FR\" \/>\n<meta property=\"og:type\" content=\"article\" \/>\n<meta property=\"og:title\" content=\"DR. MARCO SALES - Dr. Marco Sales\" \/>\n<meta property=\"og:description\" content=\"Oftalm\u00f3logo oculopl\u00e1stico dedicado al estudio y tratamiento de las afecciones de los p\u00e1rpados, \u00f3rbita y v\u00eda lagrimal.\" \/>\n<meta property=\"og:url\" content=\"https:\/\/doctormarcosales.com\/fr\/dr-marco-sales\/\" \/>\n<meta property=\"og:site_name\" content=\"Dr. Marco Sales\" \/>\n<meta property=\"article:modified_time\" content=\"2024-02-26T11:25:53+00:00\" \/>\n<meta name=\"twitter:card\" content=\"summary_large_image\" \/>\n<meta name=\"twitter:label1\" content=\"Dur\u00e9e de lecture estim\u00e9e\" \/>\n\t<meta name=\"twitter:data1\" content=\"8 minutes\" \/>\n<script type=\"application\/ld+json\" class=\"yoast-schema-graph\">{\"@context\":\"https:\/\/schema.org\",\"@graph\":[{\"@type\":\"WebPage\",\"@id\":\"https:\/\/doctormarcosales.com\/fr\/dr-marco-sales\/\",\"url\":\"https:\/\/doctormarcosales.com\/fr\/dr-marco-sales\/\",\"name\":\"DR. MARCO SALES - Dr. Marco Sales\",\"isPartOf\":{\"@id\":\"https:\/\/doctormarcosales.com\/#website\"},\"datePublished\":\"2023-02-07T14:21:53+00:00\",\"dateModified\":\"2024-02-26T11:25:53+00:00\",\"description\":\"Oftalm\u00f3logo oculopl\u00e1stico dedicado al estudio y tratamiento de las afecciones de los p\u00e1rpados, \u00f3rbita y v\u00eda lagrimal.\",\"breadcrumb\":{\"@id\":\"https:\/\/doctormarcosales.com\/fr\/dr-marco-sales\/#breadcrumb\"},\"inLanguage\":\"fr-FR\",\"potentialAction\":[{\"@type\":\"ReadAction\",\"target\":[\"https:\/\/doctormarcosales.com\/fr\/dr-marco-sales\/\"]}]},{\"@type\":\"BreadcrumbList\",\"@id\":\"https:\/\/doctormarcosales.com\/fr\/dr-marco-sales\/#breadcrumb\",\"itemListElement\":[{\"@type\":\"ListItem\",\"position\":1,\"name\":\"Portada\",\"item\":\"https:\/\/doctormarcosales.com\/fr\/\"},{\"@type\":\"ListItem\",\"position\":2,\"name\":\"DR. MARCO SALES\"}]},{\"@type\":\"WebSite\",\"@id\":\"https:\/\/doctormarcosales.com\/#website\",\"url\":\"https:\/\/doctormarcosales.com\/\",\"name\":\"Dr. Marco Sales\",\"description\":\"M\u00e9dico oftalm\u00f3logo especializado en Blefaroplastia\",\"potentialAction\":[{\"@type\":\"SearchAction\",\"target\":{\"@type\":\"EntryPoint\",\"urlTemplate\":\"https:\/\/doctormarcosales.com\/?s={search_term_string}\"},\"query-input\":{\"@type\":\"PropertyValueSpecification\",\"valueRequired\":true,\"valueName\":\"search_term_string\"}}],\"inLanguage\":\"fr-FR\"}]}<\/script>\n<!-- \/ Yoast SEO plugin. -->","yoast_head_json":{"title":"DR. MARCO SALES - Dr. Marco Sales","description":"Oftalm\u00f3logo oculopl\u00e1stico dedicado al estudio y tratamiento de las afecciones de los p\u00e1rpados, \u00f3rbita y v\u00eda lagrimal.","robots":{"index":"index","follow":"follow","max-snippet":"max-snippet:-1","max-image-preview":"max-image-preview:large","max-video-preview":"max-video-preview:-1"},"canonical":"https:\/\/doctormarcosales.com\/fr\/dr-marco-sales\/","og_locale":"fr_FR","og_type":"article","og_title":"DR. MARCO SALES - Dr. Marco Sales","og_description":"Oftalm\u00f3logo oculopl\u00e1stico dedicado al estudio y tratamiento de las afecciones de los p\u00e1rpados, \u00f3rbita y v\u00eda lagrimal.","og_url":"https:\/\/doctormarcosales.com\/fr\/dr-marco-sales\/","og_site_name":"Dr. Marco Sales","article_modified_time":"2024-02-26T11:25:53+00:00","twitter_card":"summary_large_image","twitter_misc":{"Dur\u00e9e de lecture estim\u00e9e":"8 minutes"},"schema":{"@context":"https:\/\/schema.org","@graph":[{"@type":"WebPage","@id":"https:\/\/doctormarcosales.com\/fr\/dr-marco-sales\/","url":"https:\/\/doctormarcosales.com\/fr\/dr-marco-sales\/","name":"DR. MARCO SALES - Dr. Marco Sales","isPartOf":{"@id":"https:\/\/doctormarcosales.com\/#website"},"datePublished":"2023-02-07T14:21:53+00:00","dateModified":"2024-02-26T11:25:53+00:00","description":"Oftalm\u00f3logo oculopl\u00e1stico dedicado al estudio y tratamiento de las afecciones de los p\u00e1rpados, \u00f3rbita y v\u00eda lagrimal.","breadcrumb":{"@id":"https:\/\/doctormarcosales.com\/fr\/dr-marco-sales\/#breadcrumb"},"inLanguage":"fr-FR","potentialAction":[{"@type":"ReadAction","target":["https:\/\/doctormarcosales.com\/fr\/dr-marco-sales\/"]}]},{"@type":"BreadcrumbList","@id":"https:\/\/doctormarcosales.com\/fr\/dr-marco-sales\/#breadcrumb","itemListElement":[{"@type":"ListItem","position":1,"name":"Portada","item":"https:\/\/doctormarcosales.com\/fr\/"},{"@type":"ListItem","position":2,"name":"DR. MARCO SALES"}]},{"@type":"WebSite","@id":"https:\/\/doctormarcosales.com\/#website","url":"https:\/\/doctormarcosales.com\/","name":"Dr. Marco Sales","description":"M\u00e9dico oftalm\u00f3logo especializado en Blefaroplastia","potentialAction":[{"@type":"SearchAction","target":{"@type":"EntryPoint","urlTemplate":"https:\/\/doctormarcosales.com\/?s={search_term_string}"},"query-input":{"@type":"PropertyValueSpecification","valueRequired":true,"valueName":"search_term_string"}}],"inLanguage":"fr-FR"}]}},"_links":{"self":[{"href":"https:\/\/doctormarcosales.com\/fr\/wp-json\/wp\/v2\/pages\/4315","targetHints":{"allow":["GET"]}}],"collection":[{"href":"https:\/\/doctormarcosales.com\/fr\/wp-json\/wp\/v2\/pages"}],"about":[{"href":"https:\/\/doctormarcosales.com\/fr\/wp-json\/wp\/v2\/types\/page"}],"author":[{"embeddable":true,"href":"https:\/\/doctormarcosales.com\/fr\/wp-json\/wp\/v2\/users\/1"}],"replies":[{"embeddable":true,"href":"https:\/\/doctormarcosales.com\/fr\/wp-json\/wp\/v2\/comments?post=4315"}],"version-history":[{"count":12,"href":"https:\/\/doctormarcosales.com\/fr\/wp-json\/wp\/v2\/pages\/4315\/revisions"}],"predecessor-version":[{"id":5471,"href":"https:\/\/doctormarcosales.com\/fr\/wp-json\/wp\/v2\/pages\/4315\/revisions\/5471"}],"wp:attachment":[{"href":"https:\/\/doctormarcosales.com\/fr\/wp-json\/wp\/v2\/media?parent=4315"}],"curies":[{"name":"wp","href":"https:\/\/api.w.org\/{rel}","templated":true}]}}